{"id":11574,"date":"2019-04-16T07:01:45","date_gmt":"2019-04-16T07:01:45","guid":{"rendered":"https:\/\/experiencekrk.com\/romanje\/crkva-i-samostan-sv-franje\/"},"modified":"2020-03-30T18:26:33","modified_gmt":"2020-03-30T18:26:33","slug":"cerkev-svetega-franciska-in-samostan","status":"publish","type":"page","link":"https:\/\/experiencekrk.com\/sl\/romanje\/cerkev-svetega-franciska-in-samostan\/","title":{"rendered":"Cerkev svetega Fran\u010di\u0161ka in samostan"},"content":{"rendered":"<p>[vc_row][vc_column]<div class=\"mkdf-section-title-holder\">\n\t<h1 class=\"mkdf-section-title mkdf-section-title-medium\" >\n\tCerkev svetega Fran\u010di\u0161ka in samostan<\/h1>\n<\/div>[vc_column_text]Cerkev svetega Fran\u010di\u0161ka je bila prvi\u010d omenjena v 13. stoletju, zvonik pa je bil dokon\u010dan v 18. stoletju. Cerkev s samostanom ima dragoceno sakralno zbirko, ki govori o tradiciji fran\u010di\u0161kanskega reda na Krku. Eden njenih dragocenih predmetov je slika Matere Bo\u017eje z otrokom, ki jo je naslikal renesan\u010dni slikar Vittore Carpaccia.[\/vc_column_text][vc_empty_space]<div class=\"mkdf-image-gallery\">\n    <div class=\"mkdf-image-gallery-grid mkdf-gallery-columns-2 \">\n                    <div class=\"mkdf-gallery-image\">\n                <div class=\"mkdf-hover-holder\">\n                \t\n                                                                        <img src=\"https:\/\/experiencekrk.com\/wp-content\/uploads\/2019\/04\/City-of-Krk-altar-at-the-Church-of-Saint-Francis-600x400.jpg\" alt=\"\" width=\"600\" height=\"400\" \/>                        \t\t\t\t\t                <\/div>\n            <\/div>\n                    <div class=\"mkdf-gallery-image\">\n                <div class=\"mkdf-hover-holder\">\n                \t\n                                                                        <img src=\"https:\/\/experiencekrk.com\/wp-content\/uploads\/2019\/04\/City-of-Krk-monastery-and-Church-of-Saint-Francis-600x400.jpg\" alt=\"\" width=\"600\" height=\"400\" \/>                        \t\t\t\t\t                <\/div>\n            <\/div>\n            <\/div>\n<\/div>[vc_column_text][\/vc_column_text][\/vc_column][\/vc_row][vc_row][vc_column][vc_empty_space]<div class=\"mkdf-separator-holder clearfix  mkdf-separator-center mkdf-separator-full-width\">\n\t<div class=\"mkdf-separator\" style=\"border-color: #ebebeb;border-style: solid;border-bottom-width: 1px;margin-top: 20px;margin-bottom: 45px\"><\/div>\n<\/div>\n<div class=\"mkdf-section-title-holder\">\n\t<h1 class=\"mkdf-section-title mkdf-section-title-small\" >\n\tKontakt &amp; Lokacija<\/h1>\n<\/div>[vc_row_inner][vc_column_inner width=&#8221;1\/4&#8243;][vc_column_text]<strong>Cerkev svetega Fran\u010di\u0161ka in samostan<\/strong><\/p>\n<p>Tel: <a href=\"tel:+38551221240\">+385 51 221 240<\/a><br \/>\nNaslov: Trg kr\u010dkih glagolja\u0161a 2, 51 500 Krk[\/vc_column_text][\/vc_column_inner][vc_column_inner width=&#8221;3\/4&#8243;][vc_raw_html]JTNDaWZyYW1lJTIwc3JjJTNEJTIyaHR0cHMlM0ElMkYlMkZ3d3cuZ29vZ2xlLmNvbSUyRm1hcHMlMkZlbWJlZCUzRnBiJTNEJTIxMW0xOCUyMTFtMTIlMjExbTMlMjExZDk2MjIuMTk3MTEzODY5NjE1JTIxMmQxNC41NzAxMDUxNTQ4Nzk4ODglMjEzZDQ1LjAyNzUxNjIzNTAzOTA3JTIxMm0zJTIxMWYwJTIxMmYwJTIxM2YwJTIxM20yJTIxMWkxMDI0JTIxMmk3NjglMjE0ZjEzLjElMjEzbTMlMjExbTIlMjExczB4NDc2MzcyMGRmYTg4YzNhZiUyNTNBMHg4NTEzZWM3MTNkYTM3YWJhJTIxMnNGcmFuamV2YSUyNUM0JTI1OERraSUyQnNhbW9zdGFuJTIxNWUwJTIxM20yJTIxMXNlbiUyMTJzaHIlMjE0djE1NTUzOTgyMjg2ODMlMjE1bTIlMjExc2VuJTIxMnNociUyMiUyMHdpZHRoJTNEJTIyOTgwJTIyJTIwaGVpZ2h0JTNEJTIyMzUwJTIyJTIwZnJhbWVib3JkZXIlM0QlMjIwJTIyJTIwc3R5bGUlM0QlMjJib3JkZXIlM0EwJTIyJTIwYWxsb3dmdWxsc2NyZWVuJTNFJTNDJTJGaWZyYW1lJTNF[\/vc_raw_html][\/vc_column_inner][\/vc_row_inner][\/vc_column][\/vc_row]<\/p>\n","protected":false},"excerpt":{"rendered":"<p>[vc_row][vc_column][vc_column_text]Cerkev svetega Fran\u010di\u0161ka je bila prvi\u010d omenjena v 13. stoletju, zvonik pa je bil dokon\u010dan v 18. stoletju. Cerkev s samostanom ima dragoceno sakralno zbirko, ki govori o tradiciji fran\u010di\u0161kanskega reda na Krku. Eden njenih dragocenih predmetov je slika Matere Bo\u017eje z otrokom, ki jo je naslikal renesan\u010dni slikar Vittore Carpaccia.[\/vc_column_text][vc_empty_space][vc_column_text][\/vc_column_text][\/vc_column][\/vc_row][vc_row][vc_column][vc_empty_space][vc_row_inner][vc_column_inner width=&#8221;1\/4&#8243;][vc_column_text]Cerkev svetega Fran\u010di\u0161ka in samostan Tel: +385 51 221 240 Naslov: Trg kr\u010dkih glagolja\u0161a 2, 51 500 Krk[\/vc_column_text][\/vc_column_inner][vc_column_inner width=&#8221;3\/4&#8243;][vc_raw_html]JTNDaWZyYW1lJTIwc3JjJTNEJTIyaHR0cHMlM0ElMkYlMkZ3d3cuZ29vZ2xlLmNvbSUyRm1hcHMlMkZlbWJlZCUzRnBiJTNEJTIxMW0xOCUyMTFtMTIlMjExbTMlMjExZDk2MjIuMTk3MTEzODY5NjE1JTIxMmQxNC41NzAxMDUxNTQ4Nzk4ODglMjEzZDQ1LjAyNzUxNjIzNTAzOTA3JTIxMm0zJTIxMWYwJTIxMmYwJTIxM2YwJTIxM20yJTIxMWkxMDI0JTIxMmk3NjglMjE0ZjEzLjElMjEzbTMlMjExbTIlMjExczB4NDc2MzcyMGRmYTg4YzNhZiUyNTNBMHg4NTEzZWM3MTNkYTM3YWJhJTIxMnNGcmFuamV2YSUyNUM0JTI1OERraSUyQnNhbW9zdGFuJTIxNWUwJTIxM20yJTIxMXNlbiUyMTJzaHIlMjE0djE1NTUzOTgyMjg2ODMlMjE1bTIlMjExc2VuJTIxMnNociUyMiUyMHdpZHRoJTNEJTIyOTgwJTIyJTIwaGVpZ2h0JTNEJTIyMzUwJTIyJTIwZnJhbWVib3JkZXIlM0QlMjIwJTIyJTIwc3R5bGUlM0QlMjJib3JkZXIlM0EwJTIyJTIwYWxsb3dmdWxsc2NyZWVuJTNFJTNDJTJGaWZyYW1lJTNF[\/vc_raw_html][\/vc_column_inner][\/vc_row_inner][\/vc_column][\/vc_row]<\/p>\n","protected":false},"author":1,"featured_media":0,"parent":10899,"menu_order":0,"comment_status":"closed","ping_status":"closed","template":"","meta":[],"yoast_head":"<!-- This site is optimized with the Yoast SEO plugin v16.0.1 - https:\/\/yoast.com\/wordpress\/plugins\/seo\/ -->\n<title>Cerkev svetega Fran\u010di\u0161ka in samostan - Experience Krk<\/title>\n<link rel=\"canonical\" href=\"https:\/\/experiencekrk.com\/sl\/romanje\/cerkev-svetega-franciska-in-samostan\/\" \/>\n<meta property=\"og:locale\" content=\"sl_SI\" \/>\n<meta property=\"og:type\" content=\"article\" \/>\n<meta property=\"og:title\" content=\"Cerkev svetega Fran\u010di\u0161ka in samostan - Experience Krk\" \/>\n<meta property=\"og:description\" content=\"[vc_row][vc_column][vc_column_text]Cerkev svetega Fran\u010di\u0161ka je bila prvi\u010d omenjena v 13. stoletju, zvonik pa je bil dokon\u010dan v 18. stoletju. Cerkev s samostanom ima dragoceno sakralno zbirko, ki govori o tradiciji fran\u010di\u0161kanskega reda na Krku. Eden njenih dragocenih predmetov je slika Matere Bo\u017eje z otrokom, ki jo je naslikal renesan\u010dni slikar Vittore Carpaccia.[\/vc_column_text][vc_empty_space][vc_column_text][\/vc_column_text][\/vc_column][\/vc_row][vc_row][vc_column][vc_empty_space][vc_row_inner][vc_column_inner width=&#8221;1\/4&#8243;][vc_column_text]Cerkev svetega Fran\u010di\u0161ka in samostan Tel: +385 51 221 240 Naslov: Trg kr\u010dkih glagolja\u0161a 2, 51 500 Krk[\/vc_column_text][\/vc_column_inner][vc_column_inner width=&#8221;3\/4&#8243;][vc_raw_html]JTNDaWZyYW1lJTIwc3JjJTNEJTIyaHR0cHMlM0ElMkYlMkZ3d3cuZ29vZ2xlLmNvbSUyRm1hcHMlMkZlbWJlZCUzRnBiJTNEJTIxMW0xOCUyMTFtMTIlMjExbTMlMjExZDk2MjIuMTk3MTEzODY5NjE1JTIxMmQxNC41NzAxMDUxNTQ4Nzk4ODglMjEzZDQ1LjAyNzUxNjIzNTAzOTA3JTIxMm0zJTIxMWYwJTIxMmYwJTIxM2YwJTIxM20yJTIxMWkxMDI0JTIxMmk3NjglMjE0ZjEzLjElMjEzbTMlMjExbTIlMjExczB4NDc2MzcyMGRmYTg4YzNhZiUyNTNBMHg4NTEzZWM3MTNkYTM3YWJhJTIxMnNGcmFuamV2YSUyNUM0JTI1OERraSUyQnNhbW9zdGFuJTIxNWUwJTIxM20yJTIxMXNlbiUyMTJzaHIlMjE0djE1NTUzOTgyMjg2ODMlMjE1bTIlMjExc2VuJTIxMnNociUyMiUyMHdpZHRoJTNEJTIyOTgwJTIyJTIwaGVpZ2h0JTNEJTIyMzUwJTIyJTIwZnJhbWVib3JkZXIlM0QlMjIwJTIyJTIwc3R5bGUlM0QlMjJib3JkZXIlM0EwJTIyJTIwYWxsb3dmdWxsc2NyZWVuJTNFJTNDJTJGaWZyYW1lJTNF[\/vc_raw_html][\/vc_column_inner][\/vc_row_inner][\/vc_column][\/vc_row]\" \/>\n<meta property=\"og:url\" content=\"https:\/\/experiencekrk.com\/sl\/romanje\/cerkev-svetega-franciska-in-samostan\/\" \/>\n<meta property=\"og:site_name\" content=\"Experience Krk\" \/>\n<meta property=\"article:modified_time\" content=\"2020-03-30T18:26:33+00:00\" \/>\n<meta name=\"twitter:card\" content=\"summary_large_image\" \/>\n<meta name=\"twitter:label1\" content=\"Est. reading time\">\n\t<meta name=\"twitter:data1\" content=\"1 minuta\">\n<script type=\"application\/ld+json\" class=\"yoast-schema-graph\">{\"@context\":\"https:\/\/schema.org\",\"@graph\":[{\"@type\":\"WebSite\",\"@id\":\"https:\/\/experiencekrk.com\/#website\",\"url\":\"https:\/\/experiencekrk.com\/\",\"name\":\"Experience Krk\",\"description\":\"Cultural Tours, Food &amp; Wine and more\",\"potentialAction\":[{\"@type\":\"SearchAction\",\"target\":\"https:\/\/experiencekrk.com\/?s={search_term_string}\",\"query-input\":\"required name=search_term_string\"}],\"inLanguage\":\"sl-SI\"},{\"@type\":\"WebPage\",\"@id\":\"https:\/\/experiencekrk.com\/sl\/romanje\/cerkev-svetega-franciska-in-samostan\/#webpage\",\"url\":\"https:\/\/experiencekrk.com\/sl\/romanje\/cerkev-svetega-franciska-in-samostan\/\",\"name\":\"Cerkev svetega Fran\\u010di\\u0161ka in samostan - Experience Krk\",\"isPartOf\":{\"@id\":\"https:\/\/experiencekrk.com\/#website\"},\"datePublished\":\"2019-04-16T07:01:45+00:00\",\"dateModified\":\"2020-03-30T18:26:33+00:00\",\"breadcrumb\":{\"@id\":\"https:\/\/experiencekrk.com\/sl\/romanje\/cerkev-svetega-franciska-in-samostan\/#breadcrumb\"},\"inLanguage\":\"sl-SI\",\"potentialAction\":[{\"@type\":\"ReadAction\",\"target\":[\"https:\/\/experiencekrk.com\/sl\/romanje\/cerkev-svetega-franciska-in-samostan\/\"]}]},{\"@type\":\"BreadcrumbList\",\"@id\":\"https:\/\/experiencekrk.com\/sl\/romanje\/cerkev-svetega-franciska-in-samostan\/#breadcrumb\",\"itemListElement\":[{\"@type\":\"ListItem\",\"position\":1,\"item\":{\"@type\":\"WebPage\",\"@id\":\"https:\/\/experiencekrk.com\/sl\/\",\"url\":\"https:\/\/experiencekrk.com\/sl\/\",\"name\":\"Home\"}},{\"@type\":\"ListItem\",\"position\":2,\"item\":{\"@type\":\"WebPage\",\"@id\":\"https:\/\/experiencekrk.com\/sl\/romanje\/\",\"url\":\"https:\/\/experiencekrk.com\/sl\/romanje\/\",\"name\":\"Romanje\"}},{\"@type\":\"ListItem\",\"position\":3,\"item\":{\"@type\":\"WebPage\",\"@id\":\"https:\/\/experiencekrk.com\/sl\/romanje\/cerkev-svetega-franciska-in-samostan\/\",\"url\":\"https:\/\/experiencekrk.com\/sl\/romanje\/cerkev-svetega-franciska-in-samostan\/\",\"name\":\"Cerkev svetega Fran\\u010di\\u0161ka in samostan\"}}]}]}<\/script>\n<!-- \/ Yoast SEO plugin. -->","_links":{"self":[{"href":"https:\/\/experiencekrk.com\/sl\/wp-json\/wp\/v2\/pages\/11574"}],"collection":[{"href":"https:\/\/experiencekrk.com\/sl\/wp-json\/wp\/v2\/pages"}],"about":[{"href":"https:\/\/experiencekrk.com\/sl\/wp-json\/wp\/v2\/types\/page"}],"author":[{"embeddable":true,"href":"https:\/\/experiencekrk.com\/sl\/wp-json\/wp\/v2\/users\/1"}],"replies":[{"embeddable":true,"href":"https:\/\/experiencekrk.com\/sl\/wp-json\/wp\/v2\/comments?post=11574"}],"version-history":[{"count":2,"href":"https:\/\/experiencekrk.com\/sl\/wp-json\/wp\/v2\/pages\/11574\/revisions"}],"predecessor-version":[{"id":11578,"href":"https:\/\/experiencekrk.com\/sl\/wp-json\/wp\/v2\/pages\/11574\/revisions\/11578"}],"up":[{"embeddable":true,"href":"https:\/\/experiencekrk.com\/sl\/wp-json\/wp\/v2\/pages\/10899"}],"wp:attachment":[{"href":"https:\/\/experiencekrk.com\/sl\/wp-json\/wp\/v2\/media?parent=11574"}],"curies":[{"name":"wp","href":"https:\/\/api.w.org\/{rel}","templated":true}]}}