{"id":8418,"date":"2019-04-16T07:38:53","date_gmt":"2019-04-16T07:38:53","guid":{"rendered":"https:\/\/experiencekrk.com\/art-and-photo-vacation\/"},"modified":"2020-01-24T15:03:43","modified_gmt":"2020-01-24T15:03:43","slug":"kunst-und-fotoferien","status":"publish","type":"page","link":"https:\/\/experiencekrk.com\/de\/kunst-und-fotoferien\/","title":{"rendered":"Kunst- &#038; Fotoferien"},"content":{"rendered":"<p>[vc_row][vc_column]<div class=\"mkdf-section-title-holder\">\n\t<h1 class=\"mkdf-section-title mkdf-section-title-medium\" >\n\tMalferien <\/h1>\n<\/div>[vc_column_text]Spektakul\u00e4re H\u00fcgel mit Weinbergen und Oliveng\u00e4rten, wundersch\u00f6ne Str\u00e4nde mit alten Holzschiffen und das milde Mittelmeerklima das ganze Jahr \u00fcber, sind nur einige der Gr\u00fcnde, warum Sie die Stadt Krk als Ihr n\u00e4chstes Malurlaubsziel w\u00e4hlen sollten. Treten Sie aus dem Alltag aus und genie\u00dfen Sie einen erholsamen und inspirierenden Aufenthalt in der malerischen K\u00fcstenstadt Krk, auf der Insel Krk.<\/p>\n<p>Besuchen Sie die \u00f6rtlichen Galerien und probieren Sie die k\u00f6stliche lokale K\u00fcche, die auf frischem Fisch und lokal produziertem Oliven\u00f6l basiert. Vergessen Sie auch nicht, den preisgekr\u00f6nten lokalen Wein \u017dlahtina in einigen der lokalen Weinberge zu probieren. Genie\u00dfen Sie auch einige inspirierende Spazierg\u00e4nge entlang der 3000 Jahre alten Stadtmauer und genie\u00dfen Sie den spektakul\u00e4ren Blick aufs Meer.[\/vc_column_text][vc_empty_space][\/vc_column][\/vc_row][vc_row][vc_column][vc_column_text]Schauen Sie sich unsere empfohlenen Orte f\u00fcr ein Kunstgem\u00e4lde und Fotoshooting an.[\/vc_column_text][vc_raw_html]JTNDaWZyYW1lJTIwc3JjJTNEJTIyaHR0cHMlM0ElMkYlMkZ3d3cuZ29vZ2xlLmNvbSUyRm1hcHMlMkZkJTJGdSUyRjAlMkZlbWJlZCUzRm1pZCUzRDF6N0VzNmg4S1ZWRFBOYndNZFUwZWwtb2tHMTRrX21uQyUyMiUyMHdpZHRoJTNEJTIyOTgwJTIyJTIwaGVpZ2h0JTNEJTIyMzgwJTIyJTNFJTNDJTJGaWZyYW1lJTNF[\/vc_raw_html][\/vc_column][\/vc_row][vc_row][vc_column][vc_empty_space]<div class=\"mkdf-separator-holder clearfix  mkdf-separator-center mkdf-separator-full-width\">\n\t<div class=\"mkdf-separator\" style=\"border-color: #ebebeb;border-style: solid;border-bottom-width: 1px;margin-top: 20px;margin-bottom: 45px\"><\/div>\n<\/div>\n<div class=\"mkdf-section-title-holder\">\n\t<h1 class=\"mkdf-section-title mkdf-section-title-medium\" >\n\tEmpfohlene Touren<\/h1>\n<\/div><div class=\"mkdf-tours-list-holder mkdf-tours-gallery-with-hover\">\n\t\t\t\t\t\t<div class=\"mkdf-tours-list-pagination-data\">\n\t\t\t\t<input type=\"hidden\" name=\"order_by\" value=\"menu_order\">\n\t\t\t\t<input type=\"hidden\" name=\"order\" value=\"ASC\">\n\t\t\t\t<input type=\"hidden\" name=\"tour_category\" value=\"painting-tours\">\n\t\t\t\t<input type=\"hidden\" name=\"number\" value=\"2\">\n\t\t\t\t<input type=\"hidden\" name=\"thumb_size\" value=\"voyage_landscape\">\n\t\t\t\t<input type=\"hidden\" name=\"next_page\" value=\"2\">\n\t\t\t\t<input type=\"hidden\" name=\"tour_type\" value=\"standard\">\n\t\t\t\t<input type=\"hidden\" name=\"image_size\" value=\"landscape\">\n\t\t\t\t<input type=\"hidden\" name=\"text_length\" value=\"90\">\n\t\t\t<\/div>\n\t\t\n\t\t\n\t\t<div class=\"mkdf-tours-list-holder-inner mkdf-two-items\">\n\n\t\t\t\t\n\t<div class=\"mkdf-tour-list-item-inner post-8718 tour-item type-tour-item status-publish has-post-thumbnail hentry tour-category-malferien\">\n\t\t<div class=\"mkdf-tours-standard-item post-8718 tour-item type-tour-item status-publish has-post-thumbnail hentry tour-category-malferien\">\n\t\t\t<div class=\"mkdf-tours-standard-item-image-holder\">\n\t\t\t<a href=\"https:\/\/experiencekrk.com\/de\/tour-item\/historische-motive-malen\/\">\n\t\t\t\t<img width=\"600\" height=\"400\" src=\"https:\/\/experiencekrk.com\/wp-content\/uploads\/2019\/04\/City-of-Krk-Saint-Donat.jpg\" class=\"attachment-voyage_landscape size-voyage_landscape wp-post-image\" alt=\"\" loading=\"lazy\" srcset=\"https:\/\/experiencekrk.com\/wp-content\/uploads\/2019\/04\/City-of-Krk-Saint-Donat.jpg 600w, https:\/\/experiencekrk.com\/wp-content\/uploads\/2019\/04\/City-of-Krk-Saint-Donat-300x200.jpg 300w\" sizes=\"(max-width: 600px) 100vw, 600px\" \/>\n\t\t\t\t\t\t\t\t\t<span class=\"mkdf-tours-standard-item-label-holder\">\n\t\t\t\t\t\t\n\t\t<span class=\"mkdf-tour-item-label\">\n\t\t\t<span class=\"mkdf-tour-item-label-inner\">\n\t\t\t\t\t\t\t<\/span>\n\t\t<\/span>\n\n\t\t\t\t\t\t\t<\/span>\n\t\t\t\t\t\t\t<\/a>\n\t\t<\/div>\n\t\n\t<div class=\"mkdf-tours-standard-item-content-holder\">\n\t\t<div class=\"mkdf-tours-standard-item-title-price-holder\">\n\t\t\t<h5 class=\"mkdf-tour-title\" >\n\t\t\t\t<a href=\"https:\/\/experiencekrk.com\/de\/tour-item\/historische-motive-malen\/\">Historische Motive malen<\/a>\n\n\t\t\t\t<span class=\"mkdf-tours-standard-item-price-holder\">\n\t\t\t\t\t\n\t\t<span class=\"mkdf-tours-price-holder\">\n\t\t\t\t\t\t\t<span class=\"mkdf-tours-item-price\">$1<\/span>\n\t\t\t\t\t\t\t\t<\/span>\n\n\t\t\t\t\t\t<\/span>\n\n\t\t\t<\/h5>\n\t\t<\/div>\n\n\t\t<div class=\"mkdf-tours-standard-item-rating\">\n\t\t\t\n\t\t\n\t\t\t\t<\/div>\n\n\t\t\t\t\t<div class=\"mkdf-tours-standard-item-excerpt\">\n\t\t\t\t[vc_row][vc_column][vc_column_text]Die Stadt Krk hat ein reiches kulturelles und historisches Erbe, das in den \u00f6rtlichen Museen und Galerien zu sehen ist. Besuchen Sie die \u00f6rtlichen Galerien, um sich inspirieren zu lassen und mehr \u00fcber die Geschichte der Insel zu erfahren. Spazieren Sie entlang der Mauern des Frankopan-Schlosses aus dem 15. Jahrhundert und genie\u00dfen Sie den spektakul\u00e4ren Blick aufs Meer. Gehen Sie in der einzigartigen Cafe-Bar Volsonis oder Cafe-Bar Mate, wo die Geschichte auch heute noch sehr pr\u00e4sent ist, etwas trinken. Genie\u00dfen Sie das historische Ambiente der Stadt und lassen Sie sich...\t\t\t<\/div>\n\t\t\n\t\t<div class=\"mkdf-tours-standard-item-bottom-content\">\n\t\t\t\t\t\t\t<div class=\"mkdf-tours-standard-item-bottom-item\">\n\t\t\t\t\t\n\t\t\n\t\t\t<div class=\"mkdf-tour-duration-holder\">\n\t\t\t    <span class=\"mkdf-tour-duration-icon mkdf-tour-info-icon\">\n\t\t\t\t\t<span class=\"lnr lnr-undo\"><\/span>\n\t\t\t    <\/span>\n\t\t\t\t<span class=\"mkdf-tour-info-label\">\n\t\t\t\t\t1\t\t\t\t<\/span>\n\t\t\t<\/div>\n\n\t\t\n\t\t\t\t\t\t<\/div>\n\t\t\t\n\t\t\t\t\t\t\t<div class=\"mkdf-tours-standard-item-bottom-item\">\n\t\t\t\t\t\n\t\t\n\t\t\t<div class=\"mkdf-tour-min-age-holder\">\n\t\t\t    <span class=\"mkdf-tour-min-age-icon mkdf-tour-info-icon\">\n\t\t\t\t    <span class=\"lnr lnr-user\"><\/span>\n\t\t\t    <\/span>\n\n\t\t\t\t<span class=\"mkdf-tour-info-label\">\n\t\t\t\t\t1+\n\t\t\t\t\t\t\t\t\t<\/span>\n\t\t\t<\/div>\n\n\t\t\n\t\t\t\t\t\t<\/div>\n\t\t\t\t\t<\/div>\n\t<\/div>\n<\/div>\t<\/div>\n\t\n\t<div class=\"mkdf-tour-list-item-inner post-8685 tour-item type-tour-item status-publish has-post-thumbnail hentry tour-category-malferien tour-category-wochenend-ausflug\">\n\t\t<div class=\"mkdf-tours-standard-item post-8685 tour-item type-tour-item status-publish has-post-thumbnail hentry tour-category-malferien tour-category-wochenend-ausflug\">\n\t\t\t<div class=\"mkdf-tours-standard-item-image-holder\">\n\t\t\t<a href=\"https:\/\/experiencekrk.com\/de\/tour-item\/kunst-und-natur\/\">\n\t\t\t\t<img width=\"600\" height=\"400\" src=\"https:\/\/experiencekrk.com\/wp-content\/uploads\/2019\/04\/City-of-Krk-painting-holiday-home-image.jpg\" class=\"attachment-voyage_landscape size-voyage_landscape wp-post-image\" alt=\"\" loading=\"lazy\" srcset=\"https:\/\/experiencekrk.com\/wp-content\/uploads\/2019\/04\/City-of-Krk-painting-holiday-home-image.jpg 600w, https:\/\/experiencekrk.com\/wp-content\/uploads\/2019\/04\/City-of-Krk-painting-holiday-home-image-300x200.jpg 300w\" sizes=\"(max-width: 600px) 100vw, 600px\" \/>\n\t\t\t\t\t\t\t\t\t<span class=\"mkdf-tours-standard-item-label-holder\">\n\t\t\t\t\t\t\n\t\t<span class=\"mkdf-tour-item-label\">\n\t\t\t<span class=\"mkdf-tour-item-label-inner\">\n\t\t\t\t\t\t\t<\/span>\n\t\t<\/span>\n\n\t\t\t\t\t\t\t<\/span>\n\t\t\t\t\t\t\t<\/a>\n\t\t<\/div>\n\t\n\t<div class=\"mkdf-tours-standard-item-content-holder\">\n\t\t<div class=\"mkdf-tours-standard-item-title-price-holder\">\n\t\t\t<h5 class=\"mkdf-tour-title\" >\n\t\t\t\t<a href=\"https:\/\/experiencekrk.com\/de\/tour-item\/kunst-und-natur\/\">Kunst und Natur<\/a>\n\n\t\t\t\t<span class=\"mkdf-tours-standard-item-price-holder\">\n\t\t\t\t\t\n\t\t<span class=\"mkdf-tours-price-holder\">\n\t\t\t\t\t\t\t<span class=\"mkdf-tours-item-price\">$1<\/span>\n\t\t\t\t\t\t\t\t<\/span>\n\n\t\t\t\t\t\t<\/span>\n\n\t\t\t<\/h5>\n\t\t<\/div>\n\n\t\t<div class=\"mkdf-tours-standard-item-rating\">\n\t\t\t\n\t\t\n\t\t\t\t<\/div>\n\n\t\t\t\t\t<div class=\"mkdf-tours-standard-item-excerpt\">\n\t\t\t\t[vc_row][vc_column][vc_column_text]Die malerische K\u00fcstenlandschaft, die Holzschiffe, die bei Sonnenuntergang segeln, und das kristallklare Meer k\u00f6nnen Sie zu wundersch\u00f6nen Bildern inspirieren, wenn Sie im Stadthafen oder in der N\u00e4he des Strandes von Dra\u017eica oder Je\u017eevac stehen. Spazieren Sie am Meer entlang und fangen Sie einige sch\u00f6ne Szenerien vom Kap Punta di Galeto oder dem Park Kamplin ein. Sehen Sie sich weitere empfohlene Orte an, an denen Sie ein Kunstgem\u00e4lde und ein Fotoshooting machen k\u00f6nnen. Die geneigten Weinberge oberhalb der historischen Stadt Krk eignen sich ideal f\u00fcr Weinproben und um die Sch\u00f6nheit der...\t\t\t<\/div>\n\t\t\n\t\t<div class=\"mkdf-tours-standard-item-bottom-content\">\n\t\t\t\t\t\t\t<div class=\"mkdf-tours-standard-item-bottom-item\">\n\t\t\t\t\t\n\t\t\n\t\t\t<div class=\"mkdf-tour-duration-holder\">\n\t\t\t    <span class=\"mkdf-tour-duration-icon mkdf-tour-info-icon\">\n\t\t\t\t\t<span class=\"lnr lnr-undo\"><\/span>\n\t\t\t    <\/span>\n\t\t\t\t<span class=\"mkdf-tour-info-label\">\n\t\t\t\t\t1\t\t\t\t<\/span>\n\t\t\t<\/div>\n\n\t\t\n\t\t\t\t\t\t<\/div>\n\t\t\t\n\t\t\t\t\t\t\t<div class=\"mkdf-tours-standard-item-bottom-item\">\n\t\t\t\t\t\n\t\t\n\t\t\t<div class=\"mkdf-tour-min-age-holder\">\n\t\t\t    <span class=\"mkdf-tour-min-age-icon mkdf-tour-info-icon\">\n\t\t\t\t    <span class=\"lnr lnr-user\"><\/span>\n\t\t\t    <\/span>\n\n\t\t\t\t<span class=\"mkdf-tour-info-label\">\n\t\t\t\t\t1+\n\t\t\t\t\t\t\t\t\t<\/span>\n\t\t\t<\/div>\n\n\t\t\n\t\t\t\t\t\t<\/div>\n\t\t\t\t\t<\/div>\n\t<\/div>\n<\/div>\t<\/div>\n\n\t\t\t<div class=\"mkdf-tours-list-grid-sizer\"><\/div>\n\t\t<\/div>\n\n\t\t\n\n\t\t<\/div>[\/vc_column][\/vc_row]<\/p>\n","protected":false},"excerpt":{"rendered":"<p>[vc_row][vc_column][vc_column_text]Spektakul\u00e4re H\u00fcgel mit Weinbergen und Oliveng\u00e4rten, wundersch\u00f6ne Str\u00e4nde mit alten Holzschiffen und das milde Mittelmeerklima das ganze Jahr \u00fcber, sind nur einige der Gr\u00fcnde, warum Sie die Stadt Krk als Ihr n\u00e4chstes Malurlaubsziel w\u00e4hlen sollten. Treten Sie aus dem Alltag aus und genie\u00dfen Sie einen erholsamen und inspirierenden Aufenthalt in der malerischen K\u00fcstenstadt Krk, auf der Insel Krk. Besuchen Sie die \u00f6rtlichen Galerien und probieren Sie die k\u00f6stliche lokale K\u00fcche, die auf frischem Fisch und lokal produziertem Oliven\u00f6l basiert. Vergessen Sie auch nicht, den preisgekr\u00f6nten lokalen Wein \u017dlahtina in einigen&#8230;<\/p>\n","protected":false},"author":1,"featured_media":0,"parent":0,"menu_order":0,"comment_status":"closed","ping_status":"closed","template":"","meta":[],"yoast_head":"<!-- This site is optimized with the Yoast SEO plugin v16.0.1 - https:\/\/yoast.com\/wordpress\/plugins\/seo\/ -->\n<title>Kunst- &amp; Fotoferien - Experience Krk<\/title>\n<link rel=\"canonical\" href=\"https:\/\/experiencekrk.com\/de\/kunst-und-fotoferien\/\" \/>\n<meta property=\"og:locale\" content=\"de_DE\" \/>\n<meta property=\"og:type\" content=\"article\" \/>\n<meta property=\"og:title\" content=\"Kunst- &amp; Fotoferien - Experience Krk\" \/>\n<meta property=\"og:description\" content=\"[vc_row][vc_column][vc_column_text]Spektakul\u00e4re H\u00fcgel mit Weinbergen und Oliveng\u00e4rten, wundersch\u00f6ne Str\u00e4nde mit alten Holzschiffen und das milde Mittelmeerklima das ganze Jahr \u00fcber, sind nur einige der Gr\u00fcnde, warum Sie die Stadt Krk als Ihr n\u00e4chstes Malurlaubsziel w\u00e4hlen sollten. Treten Sie aus dem Alltag aus und genie\u00dfen Sie einen erholsamen und inspirierenden Aufenthalt in der malerischen K\u00fcstenstadt Krk, auf der Insel Krk. Besuchen Sie die \u00f6rtlichen Galerien und probieren Sie die k\u00f6stliche lokale K\u00fcche, die auf frischem Fisch und lokal produziertem Oliven\u00f6l basiert. Vergessen Sie auch nicht, den preisgekr\u00f6nten lokalen Wein \u017dlahtina in einigen...\" \/>\n<meta property=\"og:url\" content=\"https:\/\/experiencekrk.com\/de\/kunst-und-fotoferien\/\" \/>\n<meta property=\"og:site_name\" content=\"Experience Krk\" \/>\n<meta property=\"article:modified_time\" content=\"2020-01-24T15:03:43+00:00\" \/>\n<meta name=\"twitter:card\" content=\"summary_large_image\" \/>\n<meta name=\"twitter:label1\" content=\"Gesch\u00e4tzte Lesezeit\">\n\t<meta name=\"twitter:data1\" content=\"1\u00a0Minute\">\n<script type=\"application\/ld+json\" class=\"yoast-schema-graph\">{\"@context\":\"https:\/\/schema.org\",\"@graph\":[{\"@type\":\"WebSite\",\"@id\":\"https:\/\/experiencekrk.com\/#website\",\"url\":\"https:\/\/experiencekrk.com\/\",\"name\":\"Experience Krk\",\"description\":\"Cultural Tours, Food &amp; Wine and more\",\"potentialAction\":[{\"@type\":\"SearchAction\",\"target\":\"https:\/\/experiencekrk.com\/?s={search_term_string}\",\"query-input\":\"required name=search_term_string\"}],\"inLanguage\":\"de\"},{\"@type\":\"WebPage\",\"@id\":\"https:\/\/experiencekrk.com\/de\/kunst-und-fotoferien\/#webpage\",\"url\":\"https:\/\/experiencekrk.com\/de\/kunst-und-fotoferien\/\",\"name\":\"Kunst- & Fotoferien - Experience Krk\",\"isPartOf\":{\"@id\":\"https:\/\/experiencekrk.com\/#website\"},\"datePublished\":\"2019-04-16T07:38:53+00:00\",\"dateModified\":\"2020-01-24T15:03:43+00:00\",\"breadcrumb\":{\"@id\":\"https:\/\/experiencekrk.com\/de\/kunst-und-fotoferien\/#breadcrumb\"},\"inLanguage\":\"de\",\"potentialAction\":[{\"@type\":\"ReadAction\",\"target\":[\"https:\/\/experiencekrk.com\/de\/kunst-und-fotoferien\/\"]}]},{\"@type\":\"BreadcrumbList\",\"@id\":\"https:\/\/experiencekrk.com\/de\/kunst-und-fotoferien\/#breadcrumb\",\"itemListElement\":[{\"@type\":\"ListItem\",\"position\":1,\"item\":{\"@type\":\"WebPage\",\"@id\":\"https:\/\/experiencekrk.com\/de\/\",\"url\":\"https:\/\/experiencekrk.com\/de\/\",\"name\":\"Home\"}},{\"@type\":\"ListItem\",\"position\":2,\"item\":{\"@type\":\"WebPage\",\"@id\":\"https:\/\/experiencekrk.com\/de\/kunst-und-fotoferien\/\",\"url\":\"https:\/\/experiencekrk.com\/de\/kunst-und-fotoferien\/\",\"name\":\"Kunst- &#038; Fotoferien\"}}]}]}<\/script>\n<!-- \/ Yoast SEO plugin. -->","_links":{"self":[{"href":"https:\/\/experiencekrk.com\/de\/wp-json\/wp\/v2\/pages\/8418"}],"collection":[{"href":"https:\/\/experiencekrk.com\/de\/wp-json\/wp\/v2\/pages"}],"about":[{"href":"https:\/\/experiencekrk.com\/de\/wp-json\/wp\/v2\/types\/page"}],"author":[{"embeddable":true,"href":"https:\/\/experiencekrk.com\/de\/wp-json\/wp\/v2\/users\/1"}],"replies":[{"embeddable":true,"href":"https:\/\/experiencekrk.com\/de\/wp-json\/wp\/v2\/comments?post=8418"}],"version-history":[{"count":2,"href":"https:\/\/experiencekrk.com\/de\/wp-json\/wp\/v2\/pages\/8418\/revisions"}],"predecessor-version":[{"id":8420,"href":"https:\/\/experiencekrk.com\/de\/wp-json\/wp\/v2\/pages\/8418\/revisions\/8420"}],"wp:attachment":[{"href":"https:\/\/experiencekrk.com\/de\/wp-json\/wp\/v2\/media?parent=8418"}],"curies":[{"name":"wp","href":"https:\/\/api.w.org\/{rel}","templated":true}]}}